{"id":1115,"date":"2020-11-25T08:23:08","date_gmt":"2020-11-25T07:23:08","guid":{"rendered":"https:\/\/www.schaum-feuerloescher.ch\/?page_id=1115"},"modified":"2020-11-27T09:46:39","modified_gmt":"2020-11-27T08:46:39","slug":"buero-schaum-feuerloescher","status":"publish","type":"page","link":"https:\/\/www.schaum-feuerloescher.ch\/index.php\/einsatzmoeglichkeiten\/buero-schaum-feuerloescher\/","title":{"rendered":"B\u00fcro-Feuerl\u00f6scher"},"content":{"rendered":"<div data-colibri-id=\"1115-c1\" class=\"style-751 style-local-1115-c1 position-relative\">\r\n  <!---->\r\n  <div data-colibri-component=\"section\" data-colibri-id=\"1115-c2\" id=\"custom\" class=\"h-section h-section-global-spacing d-flex align-items-lg-center align-items-md-center align-items-center style-752 style-local-1115-c2 position-relative\">\r\n    <!---->\r\n    <!---->\r\n    <div class=\"h-section-grid-container h-section-boxed-container\">\r\n      <!---->\r\n      <div data-colibri-id=\"1115-c3\" class=\"h-row-container gutters-row-lg-2 gutters-row-md-2 gutters-row-0 gutters-row-v-lg-2 gutters-row-v-md-2 gutters-row-v-2 style-753 style-local-1115-c3 position-relative\">\r\n        <!---->\r\n        <div class=\"h-row justify-content-lg-center justify-content-md-center justify-content-center align-items-lg-stretch align-items-md-stretch align-items-stretch gutters-col-lg-2 gutters-col-md-2 gutters-col-0 gutters-col-v-lg-2 gutters-col-v-md-2 gutters-col-v-2\">\r\n          <!---->\r\n          <div class=\"h-column h-column-container d-flex h-col-lg-auto h-col-md-auto h-col-auto style-754-outer style-local-1115-c4-outer\">\r\n            <div data-colibri-id=\"1115-c4\" class=\"d-flex h-flex-basis h-column__inner h-px-lg-2 h-px-md-2 h-px-2 v-inner-lg-2 v-inner-md-2 v-inner-2 style-754 style-local-1115-c4 position-relative\">\r\n              <!---->\r\n              <!---->\r\n              <div class=\"w-100 h-y-container h-column__content h-column__v-align flex-basis-100 align-self-lg-start align-self-md-start align-self-start\">\r\n                <!---->\r\n                <div data-colibri-id=\"1115-c5\" class=\"h-text h-text-component style-755 style-local-1115-c5 position-relative h-element\">\r\n                  <!---->\r\n                  <!---->\r\n                  <div class=\"\">\r\n                    <p>Je nach Aufgabe dient ein B\u00fcro einer einzelnen Person oder vielen Personen (Gro\u00dfraumb\u00fcro) als Arbeitsraum. Zur Ausstattung eines B\u00fcros geh\u00f6ren B\u00fcrom\u00f6bel wie zum Beispiel Schreibtische, Schr\u00e4nke und\/oder Regale sowie Kommunikationsmittel\r\n                      wie Telefon und Faxger\u00e4t. Seit etwa Mitte der 1980er Jahre sind in den meisten B\u00fcros auch Computer zu finden, die sowohl zur Bearbeitung der Akten wie auch zur Kommunikation dienen. Die ersten B\u00fcros wurden schon Ende der 1970er Jahre\r\n                      mit Computern ausgestattet.<\/p>\r\n                    <p>Dem Wandel der B\u00fcroarbeit durch den Abbau von B\u00fcrokratie und die Entwicklungen der Informations- und Kommunikationstechnologie tragen neue B\u00fcrokonzepte Rechnung.<\/p>\r\n                    <p>Die Digitalisierung erm\u00f6glicht eine Taktung und Transparenz der B\u00fcroarbeit, und dadurch wiederum eine genauere Vorgabe und \u00dcberpr\u00fcfung der Arbeitsleistung. Einer Studie von ISF M\u00fcnchen zufolge werden \u201egeistige T\u00e4tigkeiten strukturiert\r\n                      und die Arbeitsprozesse im B\u00fcro unabh\u00e4ngig vom individuellen Geschick des Einzelnen organisiert\u201c. Die B\u00fcrowelt ver\u00e4ndere sich mit der Digitalisierung auf eine radikale Weise, die mit der Industrialisierung im 19. Jahrhundert vergleichbar\r\n                      sei. Durch die Digitalisierung entstehen zudem neue Formen des Arbeitens (oft gesammelt unter dem Begriff &#8222;New Work&#8220;), was wiederum neue Herausforderungen f\u00fcr die B\u00fcrogestaltung mit sich bringt.<\/p>\r\n                    <p>Eine Studie, die dem Weltwirtschaftsforum 2016 vorgelegt und ins Zentrum der dortigen Diskussion gestellt wurde, sagte voraus, dass durch die Automatisierung f\u00fcnf Millionen Arbeitspl\u00e4tze in den folgenden f\u00fcnf Jahren \u00fcberfl\u00fcssig w\u00fcrden;\r\n                      dies betreffe vor allem die B\u00fcroarbeit. Diese Sichtweise ist jedoch umstritten.<\/p>\r\n                  <\/div>\r\n                <\/div>\r\n              <\/div>\r\n            <\/div>\r\n          <\/div>\r\n        <\/div>\r\n      <\/div>\r\n    <\/div>\r\n  <\/div>\r\n<\/div>","protected":false},"excerpt":{"rendered":"<p>Je nach Aufgabe dient ein B\u00fcro einer einzelnen Person oder vielen Personen (Gro\u00dfraumb\u00fcro) als Arbeitsraum. Zur Ausstattung eines B\u00fcros geh\u00f6ren B\u00fcrom\u00f6bel wie zum Beispiel Schreibtische, Schr\u00e4nke und\/oder Regale sowie Kommunikationsmittel wie Telefon und Faxger\u00e4t. Seit etwa Mitte der 1980er Jahre sind in den meisten B\u00fcros auch Computer zu finden, die sowohl zur Bearbeitung der Akten [&hellip;]<\/p>\n","protected":false},"author":3,"featured_media":0,"parent":1101,"menu_order":2,"comment_status":"closed","ping_status":"closed","template":"page-templates\/full-width-page.php","meta":{"footnotes":""},"class_list":["post-1115","page","type-page","status-publish","hentry"],"aioseo_notices":[],"_links":{"self":[{"href":"https:\/\/www.schaum-feuerloescher.ch\/index.php\/wp-json\/wp\/v2\/pages\/1115","targetHints":{"allow":["GET"]}}],"collection":[{"href":"https:\/\/www.schaum-feuerloescher.ch\/index.php\/wp-json\/wp\/v2\/pages"}],"about":[{"href":"https:\/\/www.schaum-feuerloescher.ch\/index.php\/wp-json\/wp\/v2\/types\/page"}],"author":[{"embeddable":true,"href":"https:\/\/www.schaum-feuerloescher.ch\/index.php\/wp-json\/wp\/v2\/users\/3"}],"replies":[{"embeddable":true,"href":"https:\/\/www.schaum-feuerloescher.ch\/index.php\/wp-json\/wp\/v2\/comments?post=1115"}],"version-history":[{"count":3,"href":"https:\/\/www.schaum-feuerloescher.ch\/index.php\/wp-json\/wp\/v2\/pages\/1115\/revisions"}],"predecessor-version":[{"id":1231,"href":"https:\/\/www.schaum-feuerloescher.ch\/index.php\/wp-json\/wp\/v2\/pages\/1115\/revisions\/1231"}],"up":[{"embeddable":true,"href":"https:\/\/www.schaum-feuerloescher.ch\/index.php\/wp-json\/wp\/v2\/pages\/1101"}],"wp:attachment":[{"href":"https:\/\/www.schaum-feuerloescher.ch\/index.php\/wp-json\/wp\/v2\/media?parent=1115"}],"curies":[{"name":"wp","href":"https:\/\/api.w.org\/{rel}","templated":true}]}}